{"id":682,"date":"2022-11-22T12:16:53","date_gmt":"2022-11-22T11:16:53","guid":{"rendered":"https:\/\/seaenergy.es\/gizlilik-politikasi\/"},"modified":"2023-01-16T11:01:11","modified_gmt":"2023-01-16T10:01:11","slug":"gizlilik-politikasi","status":"publish","type":"page","link":"https:\/\/seaenergy.es\/tr\/gizlilik-politikasi\/","title":{"rendered":"Gizlilik Politikas\u0131"},"content":{"rendered":"\t\t<div data-elementor-type=\"wp-page\" data-elementor-id=\"682\" class=\"elementor elementor-682 elementor-3\" data-elementor-post-type=\"page\">\n\t\t\t\t\t\t\t\t\t<section class=\"elementor-section elementor-top-section elementor-element elementor-element-51424f5c elementor-section-boxed elementor-section-height-default elementor-section-height-default\" data-id=\"51424f5c\" data-element_type=\"section\">\n\t\t\t\t\t\t<div class=\"elementor-container elementor-column-gap-default\">\n\t\t\t\t\t<div class=\"elementor-column elementor-col-100 elementor-top-column elementor-element elementor-element-23c7568f\" data-id=\"23c7568f\" data-element_type=\"column\">\n\t\t\t<div class=\"elementor-widget-wrap elementor-element-populated\">\n\t\t\t\t\t\t\t\t<div class=\"elementor-element elementor-element-524475b3 elementor-widget elementor-widget-text-editor\" data-id=\"524475b3\" data-element_type=\"widget\" data-widget_type=\"text-editor.default\">\n\t\t\t\t<div class=\"elementor-widget-container\">\n\t\t\t<style>\/*! elementor - v3.18.0 - 08-12-2023 *\/\n.elementor-widget-text-editor.elementor-drop-cap-view-stacked .elementor-drop-cap{background-color:#69727d;color:#fff}.elementor-widget-text-editor.elementor-drop-cap-view-framed .elementor-drop-cap{color:#69727d;border:3px solid;background-color:transparent}.elementor-widget-text-editor:not(.elementor-drop-cap-view-default) .elementor-drop-cap{margin-top:8px}.elementor-widget-text-editor:not(.elementor-drop-cap-view-default) .elementor-drop-cap-letter{width:1em;height:1em}.elementor-widget-text-editor .elementor-drop-cap{float:left;text-align:center;line-height:1;font-size:50px}.elementor-widget-text-editor .elementor-drop-cap-letter{display:inline-block}<\/style>\t\t\t\t<h3><strong>K\u0130\u015e\u0130SEL VER\u0130LER\u0130N \u0130\u015eLENMES\u0130<\/strong><\/h3>\r\n<strong>TRANSDIESEL<\/strong>\u00a0 ilgili taraf\u0131n ki\u015fisel verilerinin i\u015flenmesinden sorumludur ve bu verilerin, Avrupa Parlamentosu\u2019nun (AB) 2016\/679 T\u00fcz\u00fc\u011f\u00fc olan ki\u015fisel verilerin korunmas\u0131na ili\u015fkin mevcut y\u00f6netmelik h\u00fck\u00fcmlerine uygun olarak i\u015flenece\u011fini bildirir.\r\n<strong>\u00a0<\/strong>\r\n<h3><\/h3>\r\n<h4><strong>Ki\u015fisel verilerin korunmas\u0131na ili\u015fkin bilgiler<\/strong><\/h4>\r\n<ul>\r\n \t<li>Ki\u015fisel verilerin al\u0131nmas\u0131<\/li>\r\n \t<li>Ki\u015fisel verilerinizin i\u015flenmesindeki sorumluluk<\/li>\r\n \t<li>Ki\u015fisel verilerin i\u015flenme amac\u0131<\/li>\r\n \t<li>Ki\u015fisel verilerin i\u015flenmesinin me\u015frulu\u011fu<\/li>\r\n \t<li>Ki\u015fisel verilerin al\u0131c\u0131lar\u0131<\/li>\r\n \t<li>Verilerin korunma zaman\u0131<\/li>\r\n \t<li>\u0130lgili taraf\u0131n haklar\u0131<\/li>\r\n \t<li>G\u00fcvenlik \u00f6nlemleri<\/li>\r\n \t<li>G\u00fcvenlik ve veri koruma politikas\u0131ndaki de\u011fi\u015fiklikler<\/li>\r\n<\/ul>\r\n<h4><strong>Ki\u015fisel verilerin al\u0131nmas\u0131<\/strong><\/h4>\r\nTRANSDIESEL\u2019de i\u015flenen t\u00fcm ki\u015fisel veriler, ilgililerin kendileri veya yasal temsilcileri taraf\u0131ndan sa\u011flanmaktad\u0131r.\r\n<h4><\/h4>\r\n<h4><strong>Ki\u015fisel verilerinizin i\u015flenmesinden sorumlu<\/strong><\/h4>\r\n<ul>\r\n \t<li><strong><em>Kimlik<\/em><\/strong>:\u00a0<strong>TRANSDIESEL<\/strong><\/li>\r\n \t<li><strong><em>CIF<\/em><\/strong>: B82545377<\/li>\r\n \t<li><strong><em>Direcci\u00f3n postal<\/em><\/strong><strong>:<\/strong>CALLE COPERNICO 26, 28823 COSLADA-MADRID<\/li>\r\n \t<li><strong><em>Tel\u00e9fono<\/em><\/strong>: 916737012<\/li>\r\n \t<li><strong><em>Eposta<\/em><\/strong>:\u00a0contabilidad@casli.es<\/li>\r\n<\/ul>\r\n<h4><strong>Ki\u015fisel verilerin i\u015flenme amac\u0131<\/strong><\/h4>\r\n<ul>\r\n \t<li><strong><em>Personel verileri<\/em><\/strong>: Veri sa\u011flay\u0131c\u0131n\u0131n ki\u015fisel verilerinin i\u015flenmesinin temeli, \u015firket ve \u00e7al\u0131\u015fanlar\u0131 aras\u0131ndaki i\u015f s\u00f6zle\u015fmesinin y\u00fcr\u00fct\u00fclmesidir.<\/li>\r\n \t<li><strong><em>Aday verileri<\/em><\/strong>: \u0130lgili taraf\u0131n ki\u015fisel verilerinin i\u015flenmesinin yasal dayana\u011f\u0131, y\u00fcr\u00fctt\u00fc\u011f\u00fcm\u00fcz personel se\u00e7im s\u00fcre\u00e7lerine kat\u0131lmak i\u00e7in \u00f6zge\u00e7mi\u015flerini verirken sa\u011flad\u0131klar\u0131 r\u0131zad\u0131r.<\/li>\r\n \t<li><strong><em>M\u00fc\u015fteri verileri<\/em><\/strong>: M\u00fc\u015fterilerin ki\u015fisel verilerinin i\u015flenmesinin yasal veya yasal dayana\u011f\u0131, yapt\u0131klar\u0131 s\u00f6zle\u015fmenin veya sipari\u015flerin ifas\u0131d\u0131r.<\/li>\r\n \t<li><strong><em>Tedarik\u00e7i verileri<\/em><\/strong>: Tedarik\u00e7ilerin ki\u015fisel verilerinin i\u015flenmesinin yasal veya yasal dayana\u011f\u0131, \u015eirket ile mevcut s\u00f6zle\u015fmenin veya i\u015f ili\u015fkisinin y\u00fcr\u00fct\u00fclmesidir.<\/li>\r\n \t<li><strong>\u0130leti\u015fim bilgileri<\/strong>: Ki\u015fisel verilerin i\u015flenmesinin hukuki veya hukuki dayana\u011f\u0131, bu ama\u00e7la yetkilendirilmi\u015f formu doldururken verilen r\u0131zad\u0131r.<\/li>\r\n \t<li><strong>M\u00fc\u015fteri \u015fikayetleri ve verileri<\/strong>:\r\nKi\u015fisel verilerin i\u015flenmesinin hukuki veya hukuki dayana\u011f\u0131, bu ama\u00e7la yetkilendirilmi\u015f form doldurulurken verilen onayd\u0131r.<\/li>\r\n<\/ul>\r\n<h4><strong>Verilerin saklanma s\u00fcresi<\/strong><\/h4>\r\n<ul>\r\n \t<li><strong><em>Personel verileri\u00a0<\/em><\/strong>: \u00c7al\u0131\u015fanlar\u0131n ki\u015fisel verileri, i\u015f s\u00f6zle\u015fmesi ili\u015fkisinin ge\u00e7erlili\u011fi s\u00fcresince ve \u015firketle ili\u015fkileri sona erdikten sonra, uygulamadan kaynaklanan yasal h\u00fck\u00fcmler ile belirlenen sorumluluklar\u0131n s\u0131n\u0131rland\u0131rma d\u00f6nemlerinde saklanacakt\u0131r.<\/li>\r\n \t<li><strong><em>Aday verileri<\/em><\/strong>: Adaylar\u0131n ki\u015fisel verileri se\u00e7im s\u00fcreci boyunca saklanacakt\u0131r. \u0130\u015flem bitti\u011finde ve se\u00e7ilmedi\u011finiz takdirde, dosyan\u0131z\u0131 ilerideki se\u00e7im i\u015flemler i\u00e7in r\u0131zan\u0131z dahilinde saklanacakt\u0131r.<\/li>\r\n \t<li><strong><em>M\u00fc\u015fteri ve tedarik\u00e7i verileri<\/em><\/strong>: Ki\u015fisel verileriniz, ilgili s\u00f6zle\u015fme ili\u015fkisinin ge\u00e7erlili\u011fi s\u00fcresince ve bu bittikten sonra, uygulamadan kaynaklanan yasal h\u00fck\u00fcmler taraf\u0131ndan belirlenen sorumluluklar\u0131n s\u0131n\u0131rland\u0131rma d\u00f6nemlerinde saklanacakt\u0131r.<\/li>\r\n \t<li><strong><em>\u0130leti\u015fim bilgileri<\/em><\/strong>: Kullan\u0131c\u0131lar\u0131n bizimle ileti\u015fime ge\u00e7erken sa\u011flad\u0131\u011f\u0131 ki\u015fisel veriler, yaln\u0131zca taraf\u0131m\u0131za yap\u0131lan talebin i\u015flenmesi tamamland\u0131ktan sonra silinecek \u015fekilde y\u00f6netilmesi s\u0131ras\u0131nda saklanacakt\u0131r.<\/li>\r\n \t<li><strong><em>M\u00fc\u015fteri \u015fikayetleri ve verileri<\/em><\/strong>: Kullan\u0131c\u0131lar\u0131n bizimle ileti\u015fime ge\u00e7erken sa\u011flad\u0131\u011f\u0131 ki\u015fisel veriler, bize iletilen talebin \u00e7\u00f6z\u00fcm\u00fc tamamland\u0131ktan sonra silinecek fakat y\u00f6netilmesi s\u0131ras\u0131nda saklanacakt\u0131r.<\/li>\r\n<\/ul>\r\n<h4><strong>\u0130lgili taraf\u0131n haklar\u0131<\/strong><\/h4>\r\n\u0130lgili Taraf, ki\u015fisel verilerinin i\u015flenmesiyle ilgili olarak KVKK\u2019da sa\u011flanan a\u015fa\u011f\u0131daki haklar\u0131 herhangi bir zamanda kullanabilir:\r\n<ul>\r\n \t<li>Ki\u015fisel verilerinize eri\u015fim talep etme hakk\u0131.<\/li>\r\n \t<li>D\u00fczeltme veya silme talebinde bulunma hakk\u0131.<\/li>\r\n \t<li>\u0130\u015fleminizin s\u0131n\u0131rland\u0131r\u0131lmas\u0131n\u0131 talep etme hakk\u0131.<\/li>\r\n \t<li>\u0130\u015fleme kar\u015f\u0131 \u00e7\u0131kma hakk\u0131.<\/li>\r\n \t<li>Veri ta\u015f\u0131nabilirli\u011fi hakk\u0131.<\/li>\r\n<\/ul>\r\nBu haklar, TRANSDIESEL\u2019in \u0130spanya\u2019daki adresi olan CALLE COPERNICO 26, 28823, COSLADA-MADRID adresine g\u00f6nderilen bir ileti yoluyla kullan\u0131labilir.\r\n<h4><strong>Veri saklama s\u00fcres<\/strong>i<\/h4>\r\n<ul>\r\n \t<li><strong>Personel verileri:<\/strong> \u00e7al\u0131\u015fanlar\u0131n ki\u015fisel verileri, s\u00f6zle\u015fmeye dayal\u0131 istihdam ili\u015fkisi s\u00fcresince ve bu sona erdikten sonra, ge\u00e7erli yasal h\u00fck\u00fcmler taraf\u0131ndan belirlenen y\u00fck\u00fcml\u00fcl\u00fcklerin s\u0131n\u0131rland\u0131r\u0131lmas\u0131 s\u00fcreleri boyunca saklanacakt\u0131r.<\/li>\r\n \t<li><strong>Aday verileri<\/strong>: Adaylar\u0131n ki\u015fisel verileri se\u00e7im s\u00fcreci boyunca saklanacakt\u0131r. S\u00fcre\u00e7 sona erdi\u011finde ve se\u00e7ilmemeniz durumunda, dosyan\u0131z\u0131 gelecekteki se\u00e7im s\u00fcre\u00e7leri i\u00e7in saklayaca\u011f\u0131z.<\/li>\r\n \t<li><strong>M\u00fc\u015fteri ve tedarik\u00e7i verileri<\/strong>: ki\u015fisel verileriniz ilgili s\u00f6zle\u015fme ili\u015fkisi s\u00fcresince ve bu ili\u015fki sona erdikten sonra ge\u00e7erli yasal h\u00fck\u00fcmler taraf\u0131ndan belirlenen sorumluluklar\u0131n s\u0131n\u0131rland\u0131r\u0131lmas\u0131 s\u00fcreleri boyunca saklanacakt\u0131r.<\/li>\r\n \t<li><strong>\u0130leti\u015fim b\u00f6l\u00fcm\u00fc verileri:<\/strong> Kullan\u0131c\u0131lar\u0131n bizimle ileti\u015fime ge\u00e7erken sa\u011flad\u0131klar\u0131 ki\u015fisel veriler yaln\u0131zca bize yapt\u0131klar\u0131 talebin y\u00f6netimi s\u0131ras\u0131nda saklanacak, b\u00f6ylece i\u015flendikten sonra silinecektir.<\/li>\r\n \t<li><strong>M\u00fc\u015fteri \u015fikayetleri ve sorgu verileri:<\/strong> Kullan\u0131c\u0131lar\u0131n bizimle ileti\u015fime ge\u00e7erken sa\u011flad\u0131klar\u0131 ki\u015fisel veriler yaln\u0131zca bize yapt\u0131klar\u0131 talep s\u00fcresince saklanacak, b\u00f6ylece talep i\u015flendikten sonra silinecektir.<\/li>\r\n<\/ul>\r\n<h4><strong>Veri sahibinin haklar\u0131<\/strong><\/h4>\r\nVeri Sahibi, ki\u015fisel verilerinin i\u015flenmesiyle ilgili olarak GDPR&#8217;de \u00f6ng\u00f6r\u00fclen a\u015fa\u011f\u0131daki haklar\u0131n\u0131 her zaman kullanabilir:\r\n<ul>\r\n \t<li><em>Ki\u015fisel verilerine eri\u015fim talep etme hakk\u0131.<\/em><\/li>\r\n \t<li><em>D\u00fczeltilmesini veya silinmesini talep etme hakk\u0131.<\/em><\/li>\r\n \t<li><em>\u0130\u015flenmelerinin k\u0131s\u0131tlanmas\u0131n\u0131 talep etme hakk\u0131.<\/em><\/li>\r\n \t<li><em>\u0130\u015flemeye itiraz etme hakk\u0131.<\/em><\/li>\r\n \t<li><em>Veri ta\u015f\u0131nabilirli\u011fi hakk\u0131.<\/em><\/li>\r\n<\/ul>\r\nBu haklar, CALLE COPERNICO 26, 28823,COSLADA-MADRID adresindeki TRANSDIESEL&#8217;e hitaben bir ileti\u015fim yoluyla kullan\u0131labilir.\r\n<h4><\/h4>\r\n<h4><strong>G\u00fcvenlik \u00f6nlemleri<\/strong><\/h4>\r\n<strong>TRANSDIESEL S.L<\/strong>, i\u015flenen ki\u015fisel verilerin niteli\u011fine ve i\u015fleme ko\u015fullar\u0131na g\u00f6re, m\u00fcmk\u00fcn oldu\u011funca ve her zaman teknolojinin durumuna g\u00f6re, de\u011fi\u015ftirilmesini, kaybolmas\u0131n\u0131, i\u015flenmesini veya yetkisiz eri\u015fimini \u00f6nlemek i\u00e7in yeterli d\u00fczeyde g\u00fcvenlik sa\u011flamak i\u00e7in uygun teknik ve organizasyonel \u00f6nlemleri benimsemi\u015ftir.\r\n\r\nAyn\u0131 \u015fekilde<strong> TRANSDIESEL<\/strong>, a\u015fa\u011f\u0131daki mekanizmalar\u0131 uygulad\u0131\u011f\u0131n\u0131 garanti eder:\r\n<ol>\r\n \t<li>\u0130\u015fleme sistemlerinin ve hizmetlerinin kal\u0131c\u0131 gizlili\u011fini, b\u00fct\u00fcnl\u00fc\u011f\u00fcn\u00fc, kullan\u0131labilirli\u011fini ve esnekli\u011fini garanti etmek.<\/li>\r\n \t<li>Fiziksel veya teknik bir olay durumunda ki\u015fisel verilerin kullan\u0131labilirli\u011fini ve eri\u015fimini h\u0131zl\u0131 bir \u015fekilde geri y\u00fckleyin.<\/li>\r\n \t<li>Veri i\u015flemenin g\u00fcvenli\u011fini sa\u011flamak i\u00e7in uygulanan teknik ve organizasyonel \u00f6nlemlerin etkinli\u011fini d\u00fczenli olarak do\u011frulamak ve kontrol etmek.<\/li>\r\n<\/ol>\r\n<h4><strong>G\u00fcvenlik ve veri koruma politikas\u0131ndaki de\u011fi\u015fiklikler<\/strong><\/h4>\r\n<strong>TRANSDIESEL<\/strong>, yasama veya hukuki geli\u015fmelerin yan\u0131 s\u0131ra konudaki standart kodlardan veya stratejik kararlardan kaynaklanabilecek yeni kanun ve y\u00f6netmelikler uyar\u0131nca veri koruma politikas\u0131n\u0131 de\u011fi\u015ftirme hakk\u0131n\u0131 sakl\u0131 tutar.\t\t\t\t\t\t<\/div>\n\t\t\t\t<\/div>\n\t\t\t\t\t<\/div>\n\t\t<\/div>\n\t\t\t\t\t\t\t<\/div>\n\t\t<\/section>\n\t\t\t\t\t\t\t<\/div>\n\t\t","protected":false},"excerpt":{"rendered":"<p>K\u0130\u015e\u0130SEL VER\u0130LER\u0130N \u0130\u015eLENMES\u0130 TRANSDIESEL\u00a0 ilgili taraf\u0131n ki\u015fisel verilerinin i\u015flenmesinden sorumludur ve bu verilerin, Avrupa Parlamentosu\u2019nun (AB) 2016\/679 T\u00fcz\u00fc\u011f\u00fc olan ki\u015fisel verilerin korunmas\u0131na ili\u015fkin mevcut y\u00f6netmelik h\u00fck\u00fcmlerine uygun olarak i\u015flenece\u011fini bildirir. \u00a0 Ki\u015fisel verilerin korunmas\u0131na ili\u015fkin bilgiler Ki\u015fisel verilerin al\u0131nmas\u0131 Ki\u015fisel verilerinizin i\u015flenmesindeki sorumluluk Ki\u015fisel verilerin i\u015flenme amac\u0131 Ki\u015fisel verilerin i\u015flenmesinin me\u015frulu\u011fu Ki\u015fisel verilerin al\u0131c\u0131lar\u0131 Verilerin &#8230; <a title=\"Gizlilik Politikas\u0131\" class=\"read-more\" href=\"https:\/\/seaenergy.es\/tr\/gizlilik-politikasi\/\" aria-label=\"More on Gizlilik Politikas\u0131\">Devam\u0131n\u0131 oku<\/a><\/p>\n","protected":false},"author":1,"featured_media":0,"parent":0,"menu_order":0,"comment_status":"closed","ping_status":"closed","template":"","meta":{"footnotes":""},"class_list":["post-682","page","type-page","status-publish"],"yoast_head":"<!-- This site is optimized with the Yoast SEO plugin v21.6 - https:\/\/yoast.com\/wordpress\/plugins\/seo\/ -->\n<title>Gizlilik Politikas\u0131 - Sea Energy<\/title>\n<meta name=\"robots\" content=\"index, follow, max-snippet:-1, max-image-preview:large, max-video-preview:-1\" \/>\n<link rel=\"canonical\" href=\"https:\/\/seaenergy.es\/tr\/gizlilik-politikasi\/\" \/>\n<meta property=\"og:locale\" content=\"tr_TR\" \/>\n<meta property=\"og:type\" content=\"article\" \/>\n<meta property=\"og:title\" content=\"Gizlilik Politikas\u0131 - Sea Energy\" \/>\n<meta property=\"og:description\" content=\"K\u0130\u015e\u0130SEL VER\u0130LER\u0130N \u0130\u015eLENMES\u0130 TRANSDIESEL\u00a0 ilgili taraf\u0131n ki\u015fisel verilerinin i\u015flenmesinden sorumludur ve bu verilerin, Avrupa Parlamentosu\u2019nun (AB) 2016\/679 T\u00fcz\u00fc\u011f\u00fc olan ki\u015fisel verilerin korunmas\u0131na ili\u015fkin mevcut y\u00f6netmelik h\u00fck\u00fcmlerine uygun olarak i\u015flenece\u011fini bildirir. \u00a0 Ki\u015fisel verilerin korunmas\u0131na ili\u015fkin bilgiler Ki\u015fisel verilerin al\u0131nmas\u0131 Ki\u015fisel verilerinizin i\u015flenmesindeki sorumluluk Ki\u015fisel verilerin i\u015flenme amac\u0131 Ki\u015fisel verilerin i\u015flenmesinin me\u015frulu\u011fu Ki\u015fisel verilerin al\u0131c\u0131lar\u0131 Verilerin ... Devam\u0131n\u0131 oku\" \/>\n<meta property=\"og:url\" content=\"https:\/\/seaenergy.es\/tr\/gizlilik-politikasi\/\" \/>\n<meta property=\"og:site_name\" content=\"Sea Energy\" \/>\n<meta property=\"article:modified_time\" content=\"2023-01-16T10:01:11+00:00\" \/>\n<meta name=\"twitter:card\" content=\"summary_large_image\" \/>\n<meta name=\"twitter:label1\" content=\"Tahmini okuma s\u00fcresi\" \/>\n\t<meta name=\"twitter:data1\" content=\"5 dakika\" \/>\n<script type=\"application\/ld+json\" class=\"yoast-schema-graph\">{\"@context\":\"https:\/\/schema.org\",\"@graph\":[{\"@type\":\"WebPage\",\"@id\":\"https:\/\/seaenergy.es\/tr\/gizlilik-politikasi\/\",\"url\":\"https:\/\/seaenergy.es\/tr\/gizlilik-politikasi\/\",\"name\":\"Gizlilik Politikas\u0131 - Sea Energy\",\"isPartOf\":{\"@id\":\"https:\/\/seaenergy.es\/tr\/#website\"},\"datePublished\":\"2022-11-22T11:16:53+00:00\",\"dateModified\":\"2023-01-16T10:01:11+00:00\",\"breadcrumb\":{\"@id\":\"https:\/\/seaenergy.es\/tr\/gizlilik-politikasi\/#breadcrumb\"},\"inLanguage\":\"tr\",\"potentialAction\":[{\"@type\":\"ReadAction\",\"target\":[\"https:\/\/seaenergy.es\/tr\/gizlilik-politikasi\/\"]}]},{\"@type\":\"BreadcrumbList\",\"@id\":\"https:\/\/seaenergy.es\/tr\/gizlilik-politikasi\/#breadcrumb\",\"itemListElement\":[{\"@type\":\"ListItem\",\"position\":1,\"name\":\"Portada\",\"item\":\"https:\/\/seaenergy.es\/tr\/\"},{\"@type\":\"ListItem\",\"position\":2,\"name\":\"Gizlilik Politikas\u0131\"}]},{\"@type\":\"WebSite\",\"@id\":\"https:\/\/seaenergy.es\/tr\/#website\",\"url\":\"https:\/\/seaenergy.es\/tr\/\",\"name\":\"Sea Energy\",\"description\":\"SEAENERGY, LA SOLUCI\u00d3N PARA EL SUMINISTRO DE ENERG\u00cdA A BORDO\u200b\",\"publisher\":{\"@id\":\"https:\/\/seaenergy.es\/tr\/#organization\"},\"potentialAction\":[{\"@type\":\"SearchAction\",\"target\":{\"@type\":\"EntryPoint\",\"urlTemplate\":\"https:\/\/seaenergy.es\/tr\/?s={search_term_string}\"},\"query-input\":\"required name=search_term_string\"}],\"inLanguage\":\"tr\"},{\"@type\":\"Organization\",\"@id\":\"https:\/\/seaenergy.es\/tr\/#organization\",\"name\":\"Sea Energy\",\"url\":\"https:\/\/seaenergy.es\/tr\/\",\"logo\":{\"@type\":\"ImageObject\",\"inLanguage\":\"tr\",\"@id\":\"https:\/\/seaenergy.es\/tr\/#\/schema\/logo\/image\/\",\"url\":\"https:\/\/seaenergy.es\/wp-content\/uploads\/2022\/12\/Sea-Energy-Horizontal-logo.png\",\"contentUrl\":\"https:\/\/seaenergy.es\/wp-content\/uploads\/2022\/12\/Sea-Energy-Horizontal-logo.png\",\"width\":250,\"height\":43,\"caption\":\"Sea Energy\"},\"image\":{\"@id\":\"https:\/\/seaenergy.es\/tr\/#\/schema\/logo\/image\/\"}}]}<\/script>\n<!-- \/ Yoast SEO plugin. -->","yoast_head_json":{"title":"Gizlilik Politikas\u0131 - Sea Energy","robots":{"index":"index","follow":"follow","max-snippet":"max-snippet:-1","max-image-preview":"max-image-preview:large","max-video-preview":"max-video-preview:-1"},"canonical":"https:\/\/seaenergy.es\/tr\/gizlilik-politikasi\/","og_locale":"tr_TR","og_type":"article","og_title":"Gizlilik Politikas\u0131 - Sea Energy","og_description":"K\u0130\u015e\u0130SEL VER\u0130LER\u0130N \u0130\u015eLENMES\u0130 TRANSDIESEL\u00a0 ilgili taraf\u0131n ki\u015fisel verilerinin i\u015flenmesinden sorumludur ve bu verilerin, Avrupa Parlamentosu\u2019nun (AB) 2016\/679 T\u00fcz\u00fc\u011f\u00fc olan ki\u015fisel verilerin korunmas\u0131na ili\u015fkin mevcut y\u00f6netmelik h\u00fck\u00fcmlerine uygun olarak i\u015flenece\u011fini bildirir. \u00a0 Ki\u015fisel verilerin korunmas\u0131na ili\u015fkin bilgiler Ki\u015fisel verilerin al\u0131nmas\u0131 Ki\u015fisel verilerinizin i\u015flenmesindeki sorumluluk Ki\u015fisel verilerin i\u015flenme amac\u0131 Ki\u015fisel verilerin i\u015flenmesinin me\u015frulu\u011fu Ki\u015fisel verilerin al\u0131c\u0131lar\u0131 Verilerin ... Devam\u0131n\u0131 oku","og_url":"https:\/\/seaenergy.es\/tr\/gizlilik-politikasi\/","og_site_name":"Sea Energy","article_modified_time":"2023-01-16T10:01:11+00:00","twitter_card":"summary_large_image","twitter_misc":{"Tahmini okuma s\u00fcresi":"5 dakika"},"schema":{"@context":"https:\/\/schema.org","@graph":[{"@type":"WebPage","@id":"https:\/\/seaenergy.es\/tr\/gizlilik-politikasi\/","url":"https:\/\/seaenergy.es\/tr\/gizlilik-politikasi\/","name":"Gizlilik Politikas\u0131 - Sea Energy","isPartOf":{"@id":"https:\/\/seaenergy.es\/tr\/#website"},"datePublished":"2022-11-22T11:16:53+00:00","dateModified":"2023-01-16T10:01:11+00:00","breadcrumb":{"@id":"https:\/\/seaenergy.es\/tr\/gizlilik-politikasi\/#breadcrumb"},"inLanguage":"tr","potentialAction":[{"@type":"ReadAction","target":["https:\/\/seaenergy.es\/tr\/gizlilik-politikasi\/"]}]},{"@type":"BreadcrumbList","@id":"https:\/\/seaenergy.es\/tr\/gizlilik-politikasi\/#breadcrumb","itemListElement":[{"@type":"ListItem","position":1,"name":"Portada","item":"https:\/\/seaenergy.es\/tr\/"},{"@type":"ListItem","position":2,"name":"Gizlilik Politikas\u0131"}]},{"@type":"WebSite","@id":"https:\/\/seaenergy.es\/tr\/#website","url":"https:\/\/seaenergy.es\/tr\/","name":"Sea Energy","description":"SEAENERGY, LA SOLUCI\u00d3N PARA EL SUMINISTRO DE ENERG\u00cdA A BORDO\u200b","publisher":{"@id":"https:\/\/seaenergy.es\/tr\/#organization"},"potentialAction":[{"@type":"SearchAction","target":{"@type":"EntryPoint","urlTemplate":"https:\/\/seaenergy.es\/tr\/?s={search_term_string}"},"query-input":"required name=search_term_string"}],"inLanguage":"tr"},{"@type":"Organization","@id":"https:\/\/seaenergy.es\/tr\/#organization","name":"Sea Energy","url":"https:\/\/seaenergy.es\/tr\/","logo":{"@type":"ImageObject","inLanguage":"tr","@id":"https:\/\/seaenergy.es\/tr\/#\/schema\/logo\/image\/","url":"https:\/\/seaenergy.es\/wp-content\/uploads\/2022\/12\/Sea-Energy-Horizontal-logo.png","contentUrl":"https:\/\/seaenergy.es\/wp-content\/uploads\/2022\/12\/Sea-Energy-Horizontal-logo.png","width":250,"height":43,"caption":"Sea Energy"},"image":{"@id":"https:\/\/seaenergy.es\/tr\/#\/schema\/logo\/image\/"}}]}},"_links":{"self":[{"href":"https:\/\/seaenergy.es\/tr\/wp-json\/wp\/v2\/pages\/682","targetHints":{"allow":["GET"]}}],"collection":[{"href":"https:\/\/seaenergy.es\/tr\/wp-json\/wp\/v2\/pages"}],"about":[{"href":"https:\/\/seaenergy.es\/tr\/wp-json\/wp\/v2\/types\/page"}],"author":[{"embeddable":true,"href":"https:\/\/seaenergy.es\/tr\/wp-json\/wp\/v2\/users\/1"}],"replies":[{"embeddable":true,"href":"https:\/\/seaenergy.es\/tr\/wp-json\/wp\/v2\/comments?post=682"}],"version-history":[{"count":3,"href":"https:\/\/seaenergy.es\/tr\/wp-json\/wp\/v2\/pages\/682\/revisions"}],"predecessor-version":[{"id":706,"href":"https:\/\/seaenergy.es\/tr\/wp-json\/wp\/v2\/pages\/682\/revisions\/706"}],"wp:attachment":[{"href":"https:\/\/seaenergy.es\/tr\/wp-json\/wp\/v2\/media?parent=682"}],"curies":[{"name":"wp","href":"https:\/\/api.w.org\/{rel}","templated":true}]}}